{"version":"1.0","provider_name":"LifeStyle","provider_url":"https:\/\/liliane.cafeblog.hu","author_name":"Liliane","author_url":"https:\/\/liliane.cafeblog.hu\/author\/liliane\/","title":"Mi\u00e9rt nem besz\u00e9l\u00fcnk a munk\u00e1nkr\u00f3l?","html":"<p><strong>Tal\u00e1n az\u00e9rt, mert sz\u00e9gyelln\u00e9nk? Tudjuk, hogy t\u00f6bbre vagyunk k\u00e9pesek, m\u00e9gsem azzal foglalkozunk, amivel igaz\u00e1n szeretn\u00e9nk? Ha \u00e9pp munk\u00e1t keres\u00fcnk, ink\u00e1bb hazudunk? Egyik bar\u00e1tom \u00edgy szokta kiv\u00e1gni mag\u00e1t a k\u00e9rd\u00e9s al\u00f3l \"hol dolgozol mostan\u00e1ban?\": \"\u00c9pp k\u00e9t munka k\u00f6z\u00f6tt vagyok.\" Mely valahol igaz, mivel pont v\u00e1ltott, \u00e9s \u00e9pp \u00e1ll\u00e1sinterj\u00fakra j\u00e1r. De mi\u00e9rt lenne ez ciki? Mindenki munkakeres\u00e9ssel\u00a0kezdi.<\/strong><\/p>\r\n<p>&nbsp;<\/p>\r\n<p><a href=\"https:\/\/liliane.cafeblog.hu\/files\/2015\/09\/woman-man-job.jpg\"><img class=\" size-full wp-image-189 aligncenter\" src=\"https:\/\/liliane.cafeblog.hu\/files\/2015\/09\/woman-man-job.jpg\" alt=\"woman-man-job\" width=\"560\" height=\"316\" \/><\/a><\/p>\r\n<p>&nbsp;<\/p>\r\n<p>Ehhez szorosan hozz\u00e1tartozik a t\u00e9ny, miszerint\u00a0valahogy a<strong> p\u00e9nz sosem el\u00e9g<\/strong>. Mindenki err\u0151l panaszkodik, hogy t\u00f6bbet akar. Legyen ak\u00e1r 80 ezer forintos havi keresete, ak\u00e1r 300 ezer, ha az ember hozz\u00e1szokott egy bizonyos szinthez, \u00e9letm\u00f3dhoz, mindig t\u00f6bbet akar. Egy ideig el\u00e9g lesz a legolcs\u00f3bb bor, amit a boltban lehet kapni, de ha m\u00e1r megteheti, hogy dr\u00e1g\u00e1bbat vegyen, dr\u00e1g\u00e1bbat is fog.\u00a0<\/p>\r\n<p>Egyre t\u00f6bb ismer\u0151s\u00f6m megy ki k\u00fclf\u00f6ldre \u2013 Anglia, USA, Olaszorsz\u00e1g t\u00e1rt karokkal fogadja \u0151ket. Persze, a k\u00fclf\u00f6ldre k\u00f6lt\u00f6z\u00e9s\u00a0nemcsak arr\u00f3l sz\u00f3l, hogy szabadak lehess\u00fcnk, \u00faj \u00e9letet kezdhess\u00fcnk, p\u00e9nzt gy\u0171jthess\u00fcnk. Ink\u00e1bb egy aff\u00e9le \"na, majd \u00e9n megmutatom a vil\u00e1gnak, hogy magyark\u00e9nt is lehet v\u00e1rat \u00e9p\u00edteni a semmib\u0151l\" attit\u0171d. <strong>\u00c1lmok, v\u00e1gyak egy teljesen \u00faj k\u00f6rnyezetbe helyezve<\/strong>. Le lehet \u00e9p\u00edteni a r\u00e9gi bar\u00e1tokat, akik azel\u0151tt csak leh\u00fazt\u00e1k a kedv\u00fcnket, sose b\u00e1tor\u00edtottak, ink\u00e1bb rivaliz\u00e1ltak, irigykedtek, sose \u00f6r\u00fcltek az \u00f6r\u00f6m\u00fcnknek, f\u00e9ltett\u00e9k a pasijaikat t\u0151l\u00fcnk. Nem kell t\u00f6bb\u00e9 a pesszimista magyar arcokat b\u00e1mulni; az anyagi rossz l\u00e9tben ny\u0171gl\u0151d\u0151, sorozatokat b\u00e1mul\u00f3, b\u00e1tortalan honfit\u00e1rsaink keserg\u00e9seit hallgatni. Hissz\u00fck, hogy mi <strong>meg tudjuk csin\u00e1lni<\/strong>, \u00e9s irigykedni fognak. Ha csak az unok\u00e1inknak fogjuk mes\u00e9lni, hogy miket \u00e9lt\u00fcnk \u00e1t fiatalon, m\u00edg utazgattunk, m\u00e1r meg\u00e9rte.\u00a0<\/p>\r\n<p>&nbsp;<\/p>\r\n<p style=\"text-align: center\"><a href=\"https:\/\/liliane.cafeblog.hu\/files\/2015\/09\/munka-no.jpg\"><img class=\"alignnone size-full wp-image-188\" src=\"https:\/\/liliane.cafeblog.hu\/files\/2015\/09\/munka-no.jpg\" alt=\"munka-no\" width=\"468\" height=\"350\" \/><\/a><\/p>\r\n<p>&nbsp;<\/p>\r\n<p>M\u00e9gis mikor ezeket a \"bev\u00e1llal\u00f3s\" r\u00e9gi bar\u00e1taimat k\u00e9rdezgettem, hogy boldogulnak k\u00fclhonban, a munk\u00e1val kapcsolatos k\u00e9rd\u00e9seimet nem igaz\u00e1n l\u00e1tt\u00e1k, t\u00e1n nem is akart\u00e1k \u00e9szrevenni, mivel <strong>mindenre v\u00e1laszoltak, csak arra nem, hogy \u00e9pp mivel keresik a kenyer\u00fcket<\/strong>. Vajon sz\u00e9gyellt\u00e9k? Mert egyik\u0151j\u00fcknek sem volt sz\u00e9gyellnival\u00f3 munk\u00e1ja. Persze az, hogy \u00e9n mivel foglalkozom, ink\u00e1bb volt \u00e9rdekesebb, mint hogy a k\u00e9rd\u00e9seimre v\u00e1laszoljanak.\u00a0<\/p>\r\n<p>Ha itthon elfordulna az utc\u00e1n, mert nem akarna k\u00ednos besz\u00e9lget\u00e9sekbe bonyol\u00f3dni, hogy \u00e9ppen mivel foglalkozik, hol \u00e9l, egyed\u00fcl lakik-e, van-e csal\u00e1dja, szereti-e, amit csin\u00e1l, akkor j\u00f3 h\u00edr, hogy <strong>k\u00fclf\u00f6ld\u00f6n kicsi a val\u00f3sz\u00edn\u0171s\u00e9ge, hogy \u00f6sszefuthat egy r\u00e9gi ismer\u0151s\u00e9vel<\/strong>. \u00cdgy csak Facebookon kereshetik fel, \u00e9s \u0151 valahol a monitor m\u00f6g\u00f6tt \u00fclve eld\u00f6ntheti, hogy fog-e neki v\u00e1laszolni vagy sem.\u00a0<\/p>\r\n<p>Teh\u00e1t ha k\u00fclf\u00f6ld\u00f6n \u00e9l\u00fcnk, \u00e9s \u00f6r\u00fcl\u00fcnk a felfedez\u00e9seinknek, hogy megtanulunk egy nyelvet eg\u00e9sz kiv\u00e1l\u00f3an, hogy egy <strong>\u00faj kult\u00far\u00e1ba \u00e9s szeml\u00e9letbe k\u00f3stolunk bele<\/strong>, \u00e9s m\u00e9g tetszik is az \u00e9letm\u00f3d, \u00e9s k\u00f6nnyen magunk\u00e9v\u00e1 tudjuk tenni, ott is maradunk egy j\u00f3 ideig. A sok \u00faj dolog, amit azel\u0151tt sose hitt\u00fcnk volna, hogy r\u00e9sz\u00fcnk lesz benne, a sz\u00e1mos \u00faj ember, \u00faj arc, \u00faj helysz\u00edn, mind-mind irigyl\u00e9sre m\u00e9lt\u00f3. Akkor mi\u00e9rt sz\u00e9gyen bevallani, hogy mi is a l\u00e9pcs\u0151 legals\u00f3 fok\u00e1r\u00f3l kezdj\u00fck. <strong>Mindenki \u00edgy kezdi<\/strong>. Aki nem, elcsod\u00e1lkozhat, hogy nincs meg a megfelel\u0151 felszerel\u00e9se, \u00e9s cs\u00fany\u00e1n leeshet p\u00e1r l\u00e9pcs\u0151fokot a sz\u00fcks\u00e9ges szaktud\u00e1s hi\u00e1ny\u00e1ban. Illetve nemcsak ett\u0151l kell f\u00e9lnie, hanem a sok-sok ellenszenves pillant\u00e1st\u00f3l, ugyanis a hierarchia als\u00f3 soraiban helyet foglal\u00f3 munkat\u00e1rsakkal nem tud majd besz\u00e9lni, nem \u00e9rti majd meg \u0151ket, s emiatt nem fog vel\u00fck j\u00f3l b\u00e1nni, pedig nekik is hatalmas szerep jut egy c\u00e9g \u00e9let\u00e9ben, hiszen ezek az emberek is hozz\u00e1j\u00e1rulnak a malmok \u0151rl\u00e9s\u00e9hez, fontos mozgat\u00f3rug\u00f3k egy v\u00e1llalat \u00e9let\u00e9ben. Teh\u00e1t a l\u00e9pcs\u0151fokok \u00e1tugr\u00e1sa nagy hiba. Akkor mi mi\u00e9rt f\u00e9l\u00fcnk bevallani, hol tartunk?\u00a0<\/p>\r\n<p>Nagyon kev\u00e9s embernek adatik meg, hogy els\u0151 munkahelye az az \u00e1lommunkahely, amire mindig is v\u00e1gyott. Ez\u00e9rt is becs\u00fclj\u00fck meg, ha olyan munkak\u00f6rnyezetben dolgozunk, ahol \u00e9lvezettel v\u00e9gezz\u00fck el a napi feladatokat, ha a koll\u00e9g\u00e1kra val\u00f3ban mosolygunk \u00e9s nem csak megj\u00e1tsszuk. Mindenkinek m\u00e1s feladat \u00e9s probl\u00e9ma jut, amiket meg kell oldani, de <strong>mindenkinek r\u00f6g\u00f6s az \u00fat<\/strong>. M\u00e1r a t\u00e9ny, hogy valaki mindezt egy teljesen idegen vil\u00e1gban tervezi \u00e9s val\u00f3s\u00edtja meg, hatalmas tisztelet. Akkor mi\u00e9rt nem besz\u00e9l arr\u00f3l, hogy mit dolgozik? <strong>Mi\u00e9rt nem v\u00e1llalja fel b\u00fcszk\u00e9n azt, amit csin\u00e1l?\u00a0<\/strong><\/p>\r\n<p>&nbsp;<\/p>\r\n<p style=\"text-align: center\"><a href=\"https:\/\/liliane.cafeblog.hu\/files\/2015\/09\/alommunka2.jpg\"><img class=\"alignnone size-full wp-image-196\" src=\"https:\/\/liliane.cafeblog.hu\/files\/2015\/09\/alommunka2.jpg\" alt=\"alommunka2\" width=\"400\" height=\"267\" \/><\/a><\/p>\r\n<p>&nbsp;<\/p>\r\n<p>Ha mi magunk sz\u00e9gyellj\u00fck magunkat, f\u00e9l\u00fcnk att\u00f3l, hogy ki mit mond, \u00e9s ki csal\u00f3dik benn\u00fcnk, hogy milyen utat j\u00e1runk, \u00e9s nem vagyunk b\u00fcszk\u00e9k magunkra, akkor hogy is v\u00e1rjuk el, hogy m\u00e1sok is b\u00fcszk\u00e9k\u00a0legyenek? Egyed\u00fcl nek\u00fcnk kell megb\u00e9k\u00e9lni magunkkal, nek\u00fcnk elfogadni saj\u00e1t magunkat. <strong>Az, hogy m\u00e1s mit gondol r\u00f3lad, az nem a te dolgod<\/strong>\u00a0\u2013 emlegetik sokszor, \u00e9s milyen igazuk van. Nemhi\u00e1ba mondj\u00e1k ezt.\u00a0<\/p>\r\n<p>Ha \u00fagy mes\u00e9l\u00fcnk a t\u00f6rt\u00e9net\u00fcnkr\u0151l, a munk\u00e1nkr\u00f3l, hogy nincs \u00f6nbizalmunk, \u00e9s hi\u00e1nyzik a saj\u00e1t magunkba vetett hit\u00fcnk, akkor persze, hogy m\u00e1sok is \u00fagy fogj\u00e1k l\u00e1tni, hogy <strong>nem vagyunk el\u00e9gedettek<\/strong>. Az els\u0151 l\u00e9pcs\u0151fokon is lehet\u00fcnk boldogok, n\u00e9zhetj\u00fck pozit\u00edvan a vil\u00e1got, mert tudjuk, hogy ez csak egy \u00e1llom\u00e1s. Ne f\u00e9lj\u00fcnk ezt bevallani.<\/p>\r\n<p>&nbsp;<\/p>\r\n<p style=\"text-align: center\"><a href=\"https:\/\/liliane.cafeblog.hu\/files\/2015\/09\/11933420_10153560987149235_6185538986127660400_n.jpg\"><img class=\"alignnone  wp-image-187\" src=\"https:\/\/liliane.cafeblog.hu\/files\/2015\/09\/11933420_10153560987149235_6185538986127660400_n-600x600.jpg\" alt=\"11933420_10153560987149235_6185538986127660400_n\" width=\"392\" height=\"392\" \/><\/a><\/p>\r\n<p>&nbsp;<\/p>","type":"rich","thumbnail_url":"https:\/\/liliane.cafeblog.hu\/files\/2015\/09\/tavmunka-masodallas-150x150.jpg","thumbnail_width":150,"thumbnail_height":150}